{"version":"1.0","provider_name":"Pihe P\u00e1holy","provider_url":"https:\/\/pihe.cafeblog.hu","author_name":"Ditti","author_url":"https:\/\/pihe.cafeblog.hu\/author\/ditti-vargagmail-com\/","title":"Finom kis t\u00e1rc\u00e1k lesznek","html":"<p>Az ut\u00f3bbi n\u00e9h\u00e1ny nap munk\u00e1i csatokra v\u00e1rnak.<br \/>B\u00e9zs, ekr\u00fc, karamell \u00e9s h\u00f3feh\u00e9r. :)<\/p>\r\n<p><a href=\"https:\/\/pihe.cafeblog.hu\/files\/2015\/01\/DSCN5222.jpg\"><img class=\"aligncenter wp-image-444 size-large\" src=\"https:\/\/pihe.cafeblog.hu\/files\/2015\/01\/DSCN5222-600x354.jpg\" alt=\"DSCN5222\" width=\"600\" height=\"354\" \/><\/a><\/p>","type":"rich"}