{"version":"1.0","provider_name":"Pihe P\u00e1holy","provider_url":"https:\/\/pihe.cafeblog.hu","author_name":"Ditti","author_url":"https:\/\/pihe.cafeblog.hu\/author\/ditti-vargagmail-com\/","title":"R\u00f3zs\u00e1s mobiltart\u00f3","html":"<span style=\"color: #000000\">R\u00f3zs\u00e1s pamutv\u00e1szonb\u00f3l k\u00e9sz\u00edtettem ezt a kis tart\u00f3t, mely cipz\u00e1rral z\u00e1rhat\u00f3. A bels\u0151 anyag is r\u00f3zs\u00e1s, de m\u00e1s sz\u00edn\u0171. Selyemszat\u00e9n szalaggal, ebb\u0151l varrt r\u00f3zs\u00e1val, \u00e9s gy\u00f6nggyel d\u00edsz\u00edtettem. Kedves aj\u00e1nd\u00e9k is lehet.<\/span><br style=\"color: #000000\" \/><span style=\"color: #000000\">Az anyagokat beavattam, \u00edgy nem mennek \u00f6ssze mos\u00e1s sor\u00e1n. 30 fokon k\u00e9zzel moshat\u00f3.<\/span><br style=\"color: #000000\" \/><br style=\"color: #000000\" \/><span style=\"color: #000000\">M\u00e9retei: 12,5cm x 8cm<\/span>\r\n\r\n<a href=\"https:\/\/pihe.cafeblog.hu\/files\/2014\/05\/DSCN3337.jpg\"><img class=\"alignnone size-large wp-image-286\" src=\"https:\/\/pihe.cafeblog.hu\/files\/2014\/05\/DSCN3337-600x433.jpg\" alt=\"DSCN3337\" width=\"600\" height=\"433\" \/><\/a>\r\n\r\n<a href=\"https:\/\/pihe.cafeblog.hu\/files\/2014\/05\/DSCN3345.jpg\"><img class=\"alignnone wp-image-285 size-large\" src=\"https:\/\/pihe.cafeblog.hu\/files\/2014\/05\/DSCN3345-600x464.jpg\" alt=\"DSCN3345\" width=\"600\" height=\"464\" \/><\/a>","type":"rich"}